{"id":17,"date":"2017-06-05T10:26:14","date_gmt":"2017-06-05T10:26:14","guid":{"rendered":"http:\/\/s537082407.mialojamiento.es\/aotero\/?page_id=17"},"modified":"2025-03-14T16:14:42","modified_gmt":"2025-03-14T15:14:42","slug":"inicio","status":"publish","type":"page","link":"http:\/\/anibaldeotero.es\/de\/","title":{"rendered":"Startseite"},"content":{"rendered":"<div data-vc-full-width=\"true\" data-vc-full-width-init=\"false\" class=\"vc_row wpb_row vc_row-fluid vcr_with-side-imgs left-side vc_custom_1568318266661 vc_row-has-fill\"><div class=\"wpb_column vc_column_container vc_col-sm-12 vc_col-has-fill\"><div class=\"vc_column-inner vc_custom_1568318451350\"><div class=\"wpb_wrapper\"><div class='dt-sc-title script-with-sub-title aligncenter'><h2>\u00a1\u00daLTIMA HORA!<\/h2><h3>La bodega berciana An\u00edbal de Otero, premio a la mejor bodega de Castilla y Le\u00f3n<\/h3><\/div><div class=\"ult-spacer spacer-69f20dfb36986\" data-id=\"69f20dfb36986\" data-height=\"60\" data-height-mobile=\"20\" data-height-tab=\"\" data-height-tab-portrait=\"\" data-height-mobile-landscape=\"20\" style=\"clear:both;display:block;\"><\/div>\n\t<div  class=\"wpb_single_image wpb_content_element vc_align_center\">\n\t\t\n\t\t<figure class=\"wpb_wrapper vc_figure\">\n\t\t\t<div class=\"vc_single_image-wrapper   vc_box_border_grey\"><img decoding=\"async\" width=\"273\" height=\"300\" src=\"https:\/\/anibaldeotero.es\/wp-content\/uploads\/2025\/03\/WhatsApp-Image-2025-03-13-at-12.43.54-273x300.png\" class=\"vc_single_image-img attachment-medium\" alt=\"\" srcset=\"https:\/\/anibaldeotero.es\/wp-content\/uploads\/2025\/03\/WhatsApp-Image-2025-03-13-at-12.43.54-273x300.png 273w, https:\/\/anibaldeotero.es\/wp-content\/uploads\/2025\/03\/WhatsApp-Image-2025-03-13-at-12.43.54-932x1024.png 932w, https:\/\/anibaldeotero.es\/wp-content\/uploads\/2025\/03\/WhatsApp-Image-2025-03-13-at-12.43.54-768x844.png 768w, https:\/\/anibaldeotero.es\/wp-content\/uploads\/2025\/03\/WhatsApp-Image-2025-03-13-at-12.43.54-1398x1536.png 1398w, https:\/\/anibaldeotero.es\/wp-content\/uploads\/2025\/03\/WhatsApp-Image-2025-03-13-at-12.43.54-11x12.png 11w, https:\/\/anibaldeotero.es\/wp-content\/uploads\/2025\/03\/WhatsApp-Image-2025-03-13-at-12.43.54-500x549.png 500w, https:\/\/anibaldeotero.es\/wp-content\/uploads\/2025\/03\/WhatsApp-Image-2025-03-13-at-12.43.54.png 1536w\" sizes=\"(max-width: 273px) 100vw, 273px\" \/><\/div>\n\t\t<\/figure>\n\t<\/div>\n<div class=\"ult-spacer spacer-69f20dfb37b4a\" data-id=\"69f20dfb37b4a\" data-height=\"60\" data-height-mobile=\"20\" data-height-tab=\"\" data-height-tab-portrait=\"\" data-height-mobile-landscape=\"20\" style=\"clear:both;display:block;\"><\/div>\n\t<div class=\"wpb_text_column wpb_content_element  aligncenter\" >\n\t\t<div class=\"wpb_wrapper\">\n\t\t\t<blockquote>\n<p>Wir erfinden nichts, wir nutzen das, was wir haben: hundertj\u00e4hrige Rebst\u00f6cke in einer privilegierten Lage, die von unserer Familie mit Sorgfalt gepflegt werden.<\/p>\n<\/blockquote>\n\n\t\t<\/div>\n\t<\/div>\n<div class=\"ult-spacer spacer-69f20dfb37d79\" data-id=\"69f20dfb37d79\" data-height=\"30\" data-height-mobile=\"30\" data-height-tab=\"30\" data-height-tab-portrait=\"\" data-height-mobile-landscape=\"\" style=\"clear:both;display:block;\"><\/div><div class='dt-sc-title script-with-sub-title aligncenter'><h2>Authentischer Bierzo-Wein<\/h2><h3>Finden Sie das Richtige f\u00fcr Ihren Anlass<\/h3><\/div>\n\t<div class=\"wpb_text_column wpb_content_element  aligncenter\" >\n\t\t<div class=\"wpb_wrapper\">\n\t\t\t<p>An\u00edbal de Otero verwendet f\u00fcr seine Produktion nur Menc\u00eda-Trauben von alten Rebst\u00f6cken, die mehr als 130 Jahre alt sind und von Hand in Kelchen mit einer sehr kleinen Produktion von einem halben Kilo pro Rebstock angebaut werden. Dies verleiht unserem Endprodukt, einem authentischen Bierzo-Wein, einen einzigartigen und exklusiven Geschmack.<\/p>\n\n\t\t<\/div>\n\t<\/div>\n<div class=\"ult-spacer spacer-69f20dfb37e92\" data-id=\"69f20dfb37e92\" data-height=\"80\" data-height-mobile=\"80\" data-height-tab=\"80\" data-height-tab-portrait=\"\" data-height-mobile-landscape=\"\" style=\"clear:both;display:block;\"><\/div><\/div><\/div><\/div><\/div><div class=\"vc_row-full-width vc_clearfix\"><\/div><!-- Row Backgrounds --><div class=\"upb_bg_img\" data-ultimate-bg=\"url(https:\/\/anibaldeotero.es\/wp-content\/uploads\/2019\/08\/background_home_racimo.jpg)\" data-image-id=\"id^10301|url^http:\/\/s626116206.mialojamiento.es\/aotero\/wp-content\/uploads\/2019\/08\/background_home_racimo.jpg|caption^null|alt^Racimo de Uvas|title^background_home_racimo|description^Racimo de Uvas\" data-ultimate-bg-style=\"vcpb-default\" data-bg-img-repeat=\"repeat\" data-bg-img-size=\"cover\" data-bg-img-position=\"\" data-parallx_sense=\"30\" data-bg-override=\"0\" data-bg_img_attach=\"fixed\" data-upb-overlay-color=\"\" data-upb-bg-animation=\"\" data-fadeout=\"\" data-bg-animation=\"left-animation\" data-bg-animation-type=\"h\" data-animation-repeat=\"repeat\" data-fadeout-percentage=\"30\" data-parallax-content=\"\" data-parallax-content-sense=\"30\" data-row-effect-mobile-disable=\"true\" data-img-parallax-mobile-disable=\"true\" data-rtl=\"false\"  data-custom-vc-row=\"\"  data-vc=\"5.6\"  data-is_old_vc=\"\"  data-theme-support=\"\"   data-overlay=\"false\" data-overlay-color=\"\" data-overlay-pattern=\"\" data-overlay-pattern-opacity=\"\" data-overlay-pattern-size=\"\"    ><\/div><div id=\"vinosHome\" data-vc-full-width=\"true\" data-vc-full-width-init=\"false\" class=\"vc_row wpb_row vc_row-fluid wpb_animate_when_almost_visible wpb_fadeInUp fadeInUp vc_custom_1549411754847\"><div class=\"wpb_column vc_column_container vc_col-sm-12\"><div class=\"vc_column-inner\"><div class=\"wpb_wrapper\"><div class=\"vc_row wpb_row vc_inner vc_row-fluid\"><div class=\"wpb_column vc_column_container vc_col-sm-8\"><div class=\"vc_column-inner\"><div class=\"wpb_wrapper\"><div class=\"ult-animation  ult-animate-viewport  ult-no-mobile\" data-animate=\"fadeInUp\" data-animation-delay=\"1\" data-animation-duration=\"1\" data-animation-iteration=\"1\" style=\"opacity:0;\" data-opacity_start_effect=\"\"><div id=\"ult-carousel-8726803469f20dfb3b041\" class=\"ult-carousel-wrapper  vc_custom_1501232665493  ult_horizontal\" data-gutter=\"15\" data-rtl=\"false\" ><div class=\"ult-carousel-33094422869f20dfb3b01e\" ><div class=\"ult-item-wrap\" data-animation=\"animated no-animation\">\n\t<div  class=\"wpb_single_image wpb_content_element vc_align_center\">\n\t\t\n\t\t<figure class=\"wpb_wrapper vc_figure\">\n\t\t\t<div class=\"vc_single_image-wrapper   vc_box_border_grey\"><img decoding=\"async\" width=\"1640\" height=\"1290\" src=\"https:\/\/anibaldeotero.es\/wp-content\/uploads\/2024\/11\/Vinos-Anibal-de-Otero.png\" class=\"vc_single_image-img attachment-full\" alt=\"Vinos Anibal de Otero\" srcset=\"https:\/\/anibaldeotero.es\/wp-content\/uploads\/2024\/11\/Vinos-Anibal-de-Otero.png 1640w, https:\/\/anibaldeotero.es\/wp-content\/uploads\/2024\/11\/Vinos-Anibal-de-Otero-300x236.png 300w, https:\/\/anibaldeotero.es\/wp-content\/uploads\/2024\/11\/Vinos-Anibal-de-Otero-1024x805.png 1024w, https:\/\/anibaldeotero.es\/wp-content\/uploads\/2024\/11\/Vinos-Anibal-de-Otero-768x604.png 768w, https:\/\/anibaldeotero.es\/wp-content\/uploads\/2024\/11\/Vinos-Anibal-de-Otero-1536x1208.png 1536w, https:\/\/anibaldeotero.es\/wp-content\/uploads\/2024\/11\/Vinos-Anibal-de-Otero-15x12.png 15w, https:\/\/anibaldeotero.es\/wp-content\/uploads\/2024\/11\/Vinos-Anibal-de-Otero-500x393.png 500w\" sizes=\"(max-width: 1640px) 100vw, 1640px\" \/><\/div>\n\t\t<\/figure>\n\t<\/div>\n<\/div><\/div><\/div>\t\t\t<script type=\"text\/javascript\">\n\t\t\t\tjQuery(document).ready(function ($) {\n\t\t\t\t\tif( typeof jQuery('.ult-carousel-33094422869f20dfb3b01e').slick == \"function\"){\n\t\t\t\t\t\t$('.ult-carousel-33094422869f20dfb3b01e').slick({dots: false,autoplay: true,autoplaySpeed: 5000,speed: 300,infinite: true,arrows: false,slidesToScroll:1,slidesToShow:1,swipe: true,draggable: true,touchMove: true,pauseOnHover: true,pauseOnFocus: false,responsive: [\n\t\t\t\t\t\t\t{\n\t\t\t\t\t\t\t  breakpoint: 1026,\n\t\t\t\t\t\t\t  settings: {\n\t\t\t\t\t\t\t\tslidesToShow: 1,\n\t\t\t\t\t\t\t\tslidesToScroll: 1,  \n\t\t\t\t\t\t\t  }\n\t\t\t\t\t\t\t},\n\t\t\t\t\t\t\t{\n\t\t\t\t\t\t\t  breakpoint: 1025,\n\t\t\t\t\t\t\t  settings: {\n\t\t\t\t\t\t\t\tslidesToShow: 1,\n\t\t\t\t\t\t\t\tslidesToScroll: 1\n\t\t\t\t\t\t\t  }\n\t\t\t\t\t\t\t},\n\t\t\t\t\t\t\t{\n\t\t\t\t\t\t\t  breakpoint: 760,\n\t\t\t\t\t\t\t  settings: {\n\t\t\t\t\t\t\t\tslidesToShow: 1,\n\t\t\t\t\t\t\t\tslidesToScroll: 1\n\t\t\t\t\t\t\t  }\n\t\t\t\t\t\t\t}\n\t\t\t\t\t\t],pauseOnDotsHover: true,customPaging: function(slider, i) {\n                   return '<i type=\"button\" style= \"color:#333333;\" class=\"ultsl-record\" data-role=\"none\"><\/i>';\n                },});\n\t\t\t\t\t}\n\t\t\t\t});\n\t\t\t<\/script>\n\t\t\t<\/div><\/div><\/div><\/div><div class=\"vcr_res-align-space wpb_column vc_column_container vc_col-sm-4 vc_col-has-fill\"><div class=\"vc_column-inner vc_custom_1498636587832\"><div class=\"wpb_wrapper\"><div class=\"ult-animation  ult-animate-viewport  ult-no-mobile\" data-animate=\"fadeInUp\" data-animation-delay=\"1\" data-animation-duration=\"1\" data-animation-iteration=\"1\" style=\"opacity:0;\" data-opacity_start_effect=\"\"><div class='dt-sc-title script-with-sub-title'><h2>Der beste Geschmack des Bierzo<\/h2><h3>Hundertj\u00e4hrige Siegerreben<\/h3><\/div><ul class='dt-sc-fancy-list   minus'>\n<li>El Cep\u00f3n 2020 Wein aus Paraje<\/li>\n<li>Terrafondada 2020 Hundertjahrfeier Mencia<\/li>\n<li>AO Villa de Otero Magnum 2019<\/li>\n<li>AO Villa de Otero 2017<\/li>\n<li>Parzellenwein Los Fornos 2015<\/li>\n<li>AO Vi\u00f1a Hundertjahrfeier 2014<\/li>\n<\/ul><div class=\"ult-spacer spacer-69f20dfb3c69a\" data-id=\"69f20dfb3c69a\" data-height=\"50\" data-height-mobile=\"50\" data-height-tab=\"50\" data-height-tab-portrait=\"\" data-height-mobile-landscape=\"\" style=\"clear:both;display:block;\"><\/div><a href='http:\/\/anibaldeotero.es\/de\/tienda\/' target='_self' title='' class='dt-sc-button   small icon-right with-icon  fully-rounded-border' > Kaufen Sie sie von zu Hause aus <span class='fa fa-arrow-right'> <\/span><\/a><\/div><\/div><\/div><\/div><\/div><\/div><\/div><\/div><\/div><div class=\"vc_row-full-width vc_clearfix\"><\/div><!-- Row Backgrounds --><div class=\"upb_bg_img\" data-ultimate-bg=\"url(https:\/\/anibaldeotero.es\/wp-content\/uploads\/2017\/06\/9.jpg)\" data-image-id=\"id^9713|url^http:\/\/s537082407.mialojamiento.es\/aotero\/wp-content\/uploads\/2017\/06\/9.jpg|caption^null|alt^null|title^9|description^null\" data-ultimate-bg-style=\"vcpb-vz-jquery\" data-bg-img-repeat=\"repeat\" data-bg-img-size=\"cover\" data-bg-img-position=\"\" data-parallx_sense=\"30\" data-bg-override=\"0\" data-bg_img_attach=\"scroll\" data-upb-overlay-color=\"rgba(249,239,230,0.9)\" data-upb-bg-animation=\"\" data-fadeout=\"\" data-bg-animation=\"left-animation\" data-bg-animation-type=\"h\" data-animation-repeat=\"repeat\" data-fadeout-percentage=\"30\" data-parallax-content=\"\" data-parallax-content-sense=\"30\" data-row-effect-mobile-disable=\"true\" data-img-parallax-mobile-disable=\"true\" data-rtl=\"false\"  data-custom-vc-row=\"\"  data-vc=\"5.6\"  data-is_old_vc=\"\"  data-theme-support=\"\"   data-overlay=\"true\" data-overlay-color=\"rgba(249,239,230,0.9)\" data-overlay-pattern=\"\" data-overlay-pattern-opacity=\"0.8\" data-overlay-pattern-size=\"\" data-overlay-pattern-attachment=\"scroll\"    ><\/div><div data-vc-full-width=\"true\" data-vc-full-width-init=\"false\" class=\"vc_row wpb_row vc_row-fluid vcr_with-side-imgs left-side vc_custom_1591132062324 vc_row-has-fill\"><div class=\"wpb_column vc_column_container vc_col-sm-12 vc_col-has-fill\"><div class=\"vc_column-inner vc_custom_1568318451350\"><div class=\"wpb_wrapper\"><div class=\"ult-spacer spacer-69f20dfb3d816\" data-id=\"69f20dfb3d816\" data-height=\"60\" data-height-mobile=\"60\" data-height-tab=\"60\" data-height-tab-portrait=\"\" data-height-mobile-landscape=\"\" style=\"clear:both;display:block;\"><\/div><div class='dt-sc-title script-with-sub-title aligncenter'><h2>Die Experten melden sich zu Wort<\/h2><h3><\/h3><\/div><div class=\"ult-spacer spacer-69f20dfb3d84b\" data-id=\"69f20dfb3d84b\" data-height=\"20\" data-height-mobile=\"20\" data-height-tab=\"20\" data-height-tab-portrait=\"\" data-height-mobile-landscape=\"\" style=\"clear:both;display:block;\"><\/div><div class='dt-sc-testimonial-wrapper carousel_items type3' data-animation='scroll'><ul class=\"dt-sc-testimonial-carousel\"><li><div class='dt-sc-testimonial type3'><div class=\"dt-sc-testimonial-quote\"><blockquote> <q>Von den B\u00f6den, die ich in Bierzo mag, d.h. von den hohen Schiefer- und Sandb\u00f6den, stammt dieser Rotwein einer Winzerin, Elva Garc\u00eda, wie es auf ihrer Visitenkarte steht. Die Weinkellerei tr\u00e4gt den Namen An\u00edbals Tochter, eine Hommage an den Mann, der ihr das Leben geschenkt und ihr die Aufgabe \u00fcbertragen hat, das Erbe eines 130 Jahre alten Weinbergs weiterzuf\u00fchren. In der N\u00e4he des Weinbergs der Familie Palacios in Corull\u00f3n erntet Elva ein halbes Kilogramm Menc\u00eda pro Rebstock, um diesen hervorragenden Rotwein herzustellen.<\/p>\n<p>Es handelt sich um einen Wein mit gewissen wilden Noten, mit einem Sortenaroma von gro\u00dfer Pr\u00e4zision und einer cremigen Finesse, die von den 14 Monaten in Eichenf\u00e4ssern herr\u00fchrt, die sich gut mit dem Wein vermischen. Es handelt sich um einen Rotwein des Jahrgangs 2014, der allerdings nicht f\u00fcr jeden Geldbeutel geeignet ist: 30 \u20ac. Zu einem niedrigeren Preis, 15 \u20ac, stellt er einen anderen Rotwein her, der 6 Monate in Eichenf\u00e4ssern gereift ist und mit einer geringeren Reifezeit noch mehr wilde und fruchtige Nuancen offenbart.<\/q> <\/blockquote><\/div><div class=\"dt-sc-testimonial-author\"><span><img decoding=\"async\" width=\"1365\" height=\"1365\" src=\"https:\/\/anibaldeotero.es\/wp-content\/uploads\/2020\/05\/jose_pe\u00f1in.jpg\" class=\"attachment-full\" alt=\"\" srcset=\"https:\/\/anibaldeotero.es\/wp-content\/uploads\/2020\/05\/jose_pe\u00f1in.jpg 1365w, https:\/\/anibaldeotero.es\/wp-content\/uploads\/2020\/05\/jose_pe\u00f1in-150x150.jpg 150w, https:\/\/anibaldeotero.es\/wp-content\/uploads\/2020\/05\/jose_pe\u00f1in-300x300.jpg 300w, https:\/\/anibaldeotero.es\/wp-content\/uploads\/2020\/05\/jose_pe\u00f1in-768x768.jpg 768w, https:\/\/anibaldeotero.es\/wp-content\/uploads\/2020\/05\/jose_pe\u00f1in-1024x1024.jpg 1024w, https:\/\/anibaldeotero.es\/wp-content\/uploads\/2020\/05\/jose_pe\u00f1in-500x500.jpg 500w, https:\/\/anibaldeotero.es\/wp-content\/uploads\/2020\/05\/jose_pe\u00f1in-100x100.jpg 100w\" sizes=\"(max-width: 1365px) 100vw, 1365px\" \/><\/span><cite>Jos\u00e9 Pe\u00f1in<\/cite><\/div><\/div><\/li><li><div class='dt-sc-testimonial type3'><div class=\"dt-sc-testimonial-quote\"><blockquote> <q>Muchas gracias al amigo Rafael Rinc\u00f3n &#8220;El Trotamanteles&#8221;, me manda estas botellas de An\u00edbal de Otero menc\u00eda, un vino particular de una viticultora especial Elva Garc\u00eda Amigo.<\/q> <\/blockquote><\/div><div class=\"dt-sc-testimonial-author\"><span><img decoding=\"async\" width=\"398\" height=\"398\" src=\"https:\/\/anibaldeotero.es\/wp-content\/uploads\/2020\/06\/cecilio_zamora.jpg\" class=\"attachment-full\" alt=\"\" srcset=\"https:\/\/anibaldeotero.es\/wp-content\/uploads\/2020\/06\/cecilio_zamora.jpg 398w, https:\/\/anibaldeotero.es\/wp-content\/uploads\/2020\/06\/cecilio_zamora-150x150.jpg 150w, https:\/\/anibaldeotero.es\/wp-content\/uploads\/2020\/06\/cecilio_zamora-300x300.jpg 300w, https:\/\/anibaldeotero.es\/wp-content\/uploads\/2020\/06\/cecilio_zamora-100x100.jpg 100w\" sizes=\"(max-width: 398px) 100vw, 398px\" \/><\/span><cite>Cecilio Zamora<\/cite><\/div><\/div><\/li><li><div class='dt-sc-testimonial type3'><div class=\"dt-sc-testimonial-quote\"><blockquote> <q>Die Tatsache, dass Elva Garc\u00eda Amigo ihre Weinkellerei Hija de An\u00edbal (Tochter von An\u00edbal) genannt hat, ist eine Grundsatzerkl\u00e4rung, eine Manifestation von Demut und eine Demonstration von Kinderliebe, grundlegende Bestandteile, um die liebenswerte Qualit\u00e4t und den tiefen Atem dieses Weins zu verstehen.<\/q> <\/blockquote><\/div><div class=\"dt-sc-testimonial-author\"><span><img decoding=\"async\" width=\"100\" height=\"100\" src=\"https:\/\/anibaldeotero.es\/wp-content\/uploads\/2019\/11\/elpais_testimonials_v2.png\" class=\"attachment-full\" alt=\"El Pa\u00eds Logo\" \/><\/span><cite>El Viajero<small>El Pa\u00eds<\/small><\/cite><\/div><\/div><\/li><\/ul><div class=\"carousel-arrows\">\t<a href=\"#\" class=\"testimonial-prev\"> <\/a>\t<a href=\"#\" class=\"testimonial-next\"> <\/a><\/div><\/div><div class=\"ult-spacer spacer-69f20dfb40710\" data-id=\"69f20dfb40710\" data-height=\"80\" data-height-mobile=\"80\" data-height-tab=\"80\" data-height-tab-portrait=\"\" data-height-mobile-landscape=\"\" style=\"clear:both;display:block;\"><\/div><\/div><\/div><\/div><\/div><div class=\"vc_row-full-width vc_clearfix\"><\/div><!-- Row Backgrounds --><div class=\"upb_bg_img\" data-ultimate-bg=\"url(https:\/\/anibaldeotero.es\/wp-content\/uploads\/2020\/06\/background_home_vaso.jpg)\" data-image-id=\"id^18642|url^http:\/\/anibaldeotero.es\/wp-content\/uploads\/2020\/06\/background_home_vaso.jpg|caption^null|alt^null|title^background_home_vaso|description^null\" data-ultimate-bg-style=\"vcpb-default\" data-bg-img-repeat=\"repeat\" data-bg-img-size=\"cover\" data-bg-img-position=\"\" data-parallx_sense=\"30\" data-bg-override=\"0\" data-bg_img_attach=\"fixed\" data-upb-overlay-color=\"\" data-upb-bg-animation=\"\" data-fadeout=\"\" data-bg-animation=\"left-animation\" data-bg-animation-type=\"h\" data-animation-repeat=\"repeat\" data-fadeout-percentage=\"30\" data-parallax-content=\"\" data-parallax-content-sense=\"30\" data-row-effect-mobile-disable=\"true\" data-img-parallax-mobile-disable=\"true\" data-rtl=\"false\"  data-custom-vc-row=\"\"  data-vc=\"5.6\"  data-is_old_vc=\"\"  data-theme-support=\"\"   data-overlay=\"false\" data-overlay-color=\"\" data-overlay-pattern=\"\" data-overlay-pattern-opacity=\"\" data-overlay-pattern-size=\"\"    ><\/div><div data-vc-full-width=\"true\" data-vc-full-width-init=\"false\" class=\"vc_row wpb_row vc_row-fluid vc_custom_1565505688094\"><div class=\"wpb_column vc_column_container vc_col-sm-3\"><div class=\"vc_column-inner\"><div class=\"wpb_wrapper\"><\/div><\/div><\/div><div class=\"wpb_column vc_column_container vc_col-sm-9\"><div class=\"vc_column-inner\"><div class=\"wpb_wrapper\"><div class=\"ult-animation  ult-animate-viewport  ult-no-mobile\" data-animate=\"fadeInDown\" data-animation-delay=\".5\" data-animation-duration=\".5\" data-animation-iteration=\"1\" style=\"opacity:0;\" data-opacity_start_effect=\"\"><div class='dt-sc-title script-with-sub-title'><h2>Nachricht aus einer Villa del Bierzo<\/h2><h3>Jahrhundertealte Rebst\u00f6cke und guter Wein.<\/h3><\/div><div class=\"vc_empty_space\"   style=\"height: 32px\" ><span class=\"vc_empty_space_inner\"><\/span><\/div>\n<\/div><div class=\"ult-animation  ult-animate-viewport  ult-no-mobile\" data-animate=\"fadeInDown\" data-animation-delay=\".7\" data-animation-duration=\"1\" data-animation-iteration=\"1\" style=\"opacity:0;\" data-opacity_start_effect=\"\">\n\t<div class=\"wpb_text_column wpb_content_element\" >\n\t\t<div class=\"wpb_wrapper\">\n\t\t\t<p>Das j\u00fcngste Weinbauprojekt in Bierzo entsteht aus Nostalgie, Emotionen und Hommage, aber auch aus der Symbiose eines unsch\u00e4tzbaren weinbaulichen Erbes und der \u00f6nologischen Weisheit in gemeinsamen Beitr\u00e4gen...<\/p>\n<p>Das Gebiet \"los Fornos\" ist wahrscheinlich eines der besten Gebiete f\u00fcr den Anbau von Reben in der DO..del Bierzo. Hier entfaltet die Menc\u00eda-Traube ihre ganze Pracht.<\/p>\n<p>An\u00edbal de Otero verwendet ausschlie\u00dflich Menc\u00eda-Trauben von alten Rebst\u00f6cken, die von Hand in kelchf\u00f6rmig angelegten Weinst\u00f6cken angebaut werden.<\/p>\n\n\t\t<\/div>\n\t<\/div>\n<\/div><div class=\"ult-animation  ult-animate-viewport  ult-no-mobile\" data-animate=\"fadeInDown\" data-animation-delay=\"0.8\" data-animation-duration=\".5\" data-animation-iteration=\"1\" style=\"opacity:0;\" data-opacity_start_effect=\"\"><\/div><\/div><\/div><\/div><\/div><div class=\"vc_row-full-width vc_clearfix\"><\/div><!-- Row Backgrounds --><div class=\"upb_bg_img\" data-ultimate-bg=\"url(https:\/\/anibaldeotero.es\/wp-content\/uploads\/2019\/08\/Background_Home_About.jpg)\" data-image-id=\"id^10299|url^http:\/\/s626116206.mialojamiento.es\/aotero\/wp-content\/uploads\/2019\/08\/Background_Home_About.jpg|caption^Background_Home_About|alt^Anibal de Otero|title^Background_Home_About|description^null\" data-ultimate-bg-style=\"vcpb-default\" data-bg-img-repeat=\"no-repeat\" data-bg-img-size=\"initial\" data-bg-img-position=\"\" data-parallx_sense=\"30\" data-bg-override=\"0\" data-bg_img_attach=\"scroll\" data-upb-overlay-color=\"\" data-upb-bg-animation=\"\" data-fadeout=\"\" data-bg-animation=\"left-animation\" data-bg-animation-type=\"h\" data-animation-repeat=\"repeat\" data-fadeout-percentage=\"30\" data-parallax-content=\"\" data-parallax-content-sense=\"30\" data-row-effect-mobile-disable=\"true\" data-img-parallax-mobile-disable=\"true\" data-rtl=\"false\"  data-custom-vc-row=\"\"  data-vc=\"5.6\"  data-is_old_vc=\"\"  data-theme-support=\"\"   data-overlay=\"false\" data-overlay-color=\"\" data-overlay-pattern=\"\" data-overlay-pattern-opacity=\"\" data-overlay-pattern-size=\"\"    ><\/div><div data-vc-full-width=\"true\" data-vc-full-width-init=\"false\" class=\"vc_row wpb_row vc_row-fluid vcr_with-side-imgs right-side vc_custom_1501504694546 vc_row-has-fill\"><div class=\"wpb_column vc_column_container vc_col-sm-12\"><div class=\"vc_column-inner vc_custom_1498056372477\"><div class=\"wpb_wrapper\"><div class='dt-sc-title script-with-sub-title aligncenter'><h2>Produktionsprozess<\/h2><h3>Von der Traube zur Flasche<\/h3><\/div><blockquote class='type1  aligncenter' ><q>Mit einer geringen Produktion von weniger als einem halben Kilogramm Trauben pro Rebstock wird dieser au\u00dfergew\u00f6hnliche Wein gewonnen, der das Beste dieser einheimischen Rebsorte bietet, wobei Sortenfrucht, Kraft, Frische und Ausgewogenheit im Mund seine wichtigsten Merkmale sind.<\/q><\/blockquote><div class=\"ult-spacer spacer-69f20dfb42a28\" data-id=\"69f20dfb42a28\" data-height=\"50\" data-height-mobile=\"50\" data-height-tab=\"50\" data-height-tab-portrait=\"\" data-height-mobile-landscape=\"\" style=\"clear:both;display:block;\"><\/div><div class=\"vc_row wpb_row vc_inner vc_row-fluid\"><div class=\"wpb_column vc_column_container vc_col-sm-6\"><div class=\"vc_column-inner\"><div class=\"wpb_wrapper\"><div class=\"ult-animation  ult-animate-viewport  ult-no-mobile\" data-animate=\"fadeInLeft\" data-animation-delay=\".5\" data-animation-duration=\"1\" data-animation-iteration=\"1\" style=\"opacity:0;\" data-opacity_start_effect=\"\">\n\t<div  class=\"wpb_single_image wpb_content_element vc_align_right\">\n\t\t\n\t\t<figure class=\"wpb_wrapper vc_figure\">\n\t\t\t<div class=\"vc_single_image-wrapper   vc_box_border_grey\"><img decoding=\"async\" width=\"697\" height=\"700\" src=\"https:\/\/anibaldeotero.es\/wp-content\/uploads\/2019\/09\/Cepa_Centenaria.jpg\" class=\"vc_single_image-img attachment-full\" alt=\"Cepa Centenaria Anibal de Otero\" srcset=\"https:\/\/anibaldeotero.es\/wp-content\/uploads\/2019\/09\/Cepa_Centenaria.jpg 697w, https:\/\/anibaldeotero.es\/wp-content\/uploads\/2019\/09\/Cepa_Centenaria-150x150.jpg 150w, https:\/\/anibaldeotero.es\/wp-content\/uploads\/2019\/09\/Cepa_Centenaria-300x300.jpg 300w, https:\/\/anibaldeotero.es\/wp-content\/uploads\/2019\/09\/Cepa_Centenaria-500x502.jpg 500w, https:\/\/anibaldeotero.es\/wp-content\/uploads\/2019\/09\/Cepa_Centenaria-100x100.jpg 100w\" sizes=\"(max-width: 697px) 100vw, 697px\" \/><\/div>\n\t\t<\/figure>\n\t<\/div>\n<\/div><\/div><\/div><\/div><div class=\"wpb_column vc_column_container vc_col-sm-6\"><div class=\"vc_column-inner\"><div class=\"wpb_wrapper\"><div class=\"ult-animation  ult-animate-viewport  ult-no-mobile\" data-animate=\"No Animation\" data-animation-delay=\"1.3\" data-animation-duration=\"1\" data-animation-iteration=\"1\" style=\"opacity:0;\" data-opacity_start_effect=\"\"><div class=\"vc_empty_space\"   style=\"height: 60px\" ><span class=\"vc_empty_space_inner\"><\/span><\/div>\n<div class='dt-sc-icon-box type4'><div class=\"icon-wrapper\"><img decoding=\"async\" width=\"250\" height=\"300\" src=\"https:\/\/anibaldeotero.es\/wp-content\/uploads\/2017\/06\/icon1.png\" class=\"attachment-full\" alt=\"\" \/><\/div><div class=\"icon-content\"><h4>Auswahl<\/h4><p>An\u00edbal de Otero verwendet f\u00fcr seine Produktion ausschlie\u00dflich Menc\u00eda-Trauben von alten Rebst\u00f6cken.<\/p><\/div><\/div><div class=\"vc_empty_space\"   style=\"height: 20px\" ><span class=\"vc_empty_space_inner\"><\/span><\/div>\n<\/div><div class=\"ult-animation  ult-animate-viewport  ult-no-mobile\" data-animate=\"No Animation\" data-animation-delay=\"1.6\" data-animation-duration=\"1\" data-animation-iteration=\"1\" style=\"opacity:0;\" data-opacity_start_effect=\"\"><div class='dt-sc-icon-box type4'><div class=\"icon-wrapper\"><img decoding=\"async\" width=\"250\" height=\"300\" src=\"https:\/\/anibaldeotero.es\/wp-content\/uploads\/2017\/06\/icon3.png\" class=\"attachment-full\" alt=\"\" \/><\/div><div class=\"icon-content\"><h4>G\u00e4rung<\/h4><p>Der Most g\u00e4rt in kleinen Edelstahltanks und reift dann, sobald er zu einem jungen Wein geworden ist, in F\u00e4ssern aus bester franz\u00f6sischer Eiche.<\/p><\/div><\/div><div class=\"vc_empty_space\"   style=\"height: 20px\" ><span class=\"vc_empty_space_inner\"><\/span><\/div>\n<\/div><div class=\"ult-animation  ult-animate-viewport  ult-no-mobile\" data-animate=\"No Animation\" data-animation-delay=\"1.9\" data-animation-duration=\"1\" data-animation-iteration=\"1\" style=\"opacity:0;\" data-opacity_start_effect=\"\"><div class='dt-sc-icon-box type4'><div class=\"icon-wrapper\"><img decoding=\"async\" width=\"250\" height=\"300\" src=\"https:\/\/anibaldeotero.es\/wp-content\/uploads\/2017\/06\/icon2.png\" class=\"attachment-full\" alt=\"\" \/><\/div><div class=\"icon-content\"><h4>Abf\u00fcllung<\/h4><p>Der Wein wurde ohne jegliche Sch\u00f6nung oder Stabilisierung in Flaschen abgef\u00fcllt.<\/p><\/div><\/div><div class=\"vc_empty_space\"   style=\"height: 20px\" ><span class=\"vc_empty_space_inner\"><\/span><\/div>\n<\/div><div class=\"ult-animation  ult-animate-viewport  ult-no-mobile\" data-animate=\"No Animation\" data-animation-delay=\"2.2\" data-animation-duration=\"1\" data-animation-iteration=\"1\" style=\"opacity:0;\" data-opacity_start_effect=\"\"><div class='dt-sc-icon-box type4'><div class=\"icon-wrapper\"><img decoding=\"async\" width=\"250\" height=\"300\" src=\"https:\/\/anibaldeotero.es\/wp-content\/uploads\/2017\/06\/icon4.png\" class=\"attachment-full\" alt=\"\" \/><\/div><div class=\"icon-content\"><h4>Verf\u00fcgbarkeit<\/h4><p>Heute finden Sie unsere Weine in den renommiertesten Gesch\u00e4ften und einer Vielzahl von Restaurants in der ganzen Welt.<\/p><\/div><\/div><\/div><\/div><\/div><\/div><\/div><div class=\"ult-spacer spacer-69f20dfb47477\" data-id=\"69f20dfb47477\" data-height=\"35\" data-height-mobile=\"35\" data-height-tab=\"35\" data-height-tab-portrait=\"\" data-height-mobile-landscape=\"\" style=\"clear:both;display:block;\"><\/div><\/div><\/div><\/div><\/div><div class=\"vc_row-full-width vc_clearfix\"><\/div><div data-vc-full-width=\"true\" data-vc-full-width-init=\"false\" class=\"vc_row wpb_row vc_row-fluid zoom-img wpb_animate_when_almost_visible wpb_fadeIn fadeIn vc_custom_1568318521158\"><div class=\"aligncenter dt-sc-dark-bg vcr_z-index wpb_column vc_column_container vc_col-sm-12\"><div class=\"vc_column-inner\"><div class=\"wpb_wrapper\"><div class=\"ult-animation  ult-animate-viewport  ult-no-mobile\" data-animate=\"zoomIn\" data-animation-delay=\"0\" data-animation-duration=\"3\" data-animation-iteration=\"1\" style=\"opacity:0;\" data-opacity_start_effect=\"\"><h2 style=\"text-align: center;font-family:Great Vibes;font-weight:400;font-style:normal\" class=\"vc_custom_heading vc_custom_1568318537992\">Unsere Villa<\/h2><h4 style=\"text-align: center\" class=\"vc_custom_heading\">IM HERZEN DES BIERZO<\/h4><a href='http:\/\/anibaldeotero.es\/de\/blog-anibal-de-otero\/' target='_self' title='Blog \u2013 Primera Entrega' class='dt-sc-button   medium icon-right with-icon  fully-rounded-border' > Lernen Sie unsere Geschichte kennen <span class='fa fa-arrow-right'> <\/span><\/a><\/div><\/div><\/div><\/div><\/div><div class=\"vc_row-full-width vc_clearfix\"><\/div><!-- Row Backgrounds --><div class=\"upb_bg_img\" data-ultimate-bg=\"url(https:\/\/anibaldeotero.es\/wp-content\/uploads\/2019\/09\/background_maintenance_mod.jpg)\" data-image-id=\"id^10373|url^http:\/\/s626116206.mialojamiento.es\/aotero\/wp-content\/uploads\/2019\/09\/background_maintenance_mod.jpg|caption^null|alt^null|title^background_maintenance_mod|description^null\" data-ultimate-bg-style=\"vcpb-default\" data-bg-img-repeat=\"repeat\" data-bg-img-size=\"cover\" data-bg-img-position=\"\" data-parallx_sense=\"30\" data-bg-override=\"0\" data-bg_img_attach=\"scroll\" data-upb-overlay-color=\"rgba(0,0,0,0.3)\" data-upb-bg-animation=\"\" data-fadeout=\"\" data-bg-animation=\"left-animation\" data-bg-animation-type=\"h\" data-animation-repeat=\"repeat\" data-fadeout-percentage=\"30\" data-parallax-content=\"\" data-parallax-content-sense=\"30\" data-row-effect-mobile-disable=\"true\" data-img-parallax-mobile-disable=\"true\" data-rtl=\"false\"  data-custom-vc-row=\"\"  data-vc=\"5.6\"  data-is_old_vc=\"\"  data-theme-support=\"\"   data-overlay=\"true\" data-overlay-color=\"rgba(0,0,0,0.3)\" data-overlay-pattern=\"\" data-overlay-pattern-opacity=\"0.8\" data-overlay-pattern-size=\"\" data-overlay-pattern-attachment=\"scroll\"    ><\/div><div class=\"vc_row wpb_row vc_row-fluid vc_custom_1568319794956\"><div class=\"wpb_column vc_column_container vc_col-sm-12\"><div class=\"vc_column-inner\"><div class=\"wpb_wrapper\"><div class=\"ult-spacer spacer-69f20dfb49771\" data-id=\"69f20dfb49771\" data-height=\"80\" data-height-mobile=\"80\" data-height-tab=\"80\" data-height-tab-portrait=\"\" data-height-mobile-landscape=\"\" style=\"clear:both;display:block;\"><\/div><div class='dt-sc-title script-with-sub-title aligncenter'><h2>Die Welt des Weins<\/h2><h3>Erfahren Sie, was es Neues gibt<\/h3><\/div>\n\t<div class=\"wpb_text_column wpb_content_element  aligncenter\" >\n\t\t<div class=\"wpb_wrapper\">\n\t\t\t<p style=\"text-align: center;\">Wir informieren Sie \u00fcber die neuesten Nachrichten, damit Sie immer auf dem Laufenden sind, und wir benachrichtigen Sie \u00fcber die wichtigsten Ereignisse.<\/p>\n\n\t\t<\/div>\n\t<\/div>\n<div class=\"ult-spacer spacer-69f20dfb4a10c\" data-id=\"69f20dfb4a10c\" data-height=\"80\" data-height-mobile=\"80\" data-height-tab=\"80\" data-height-tab-portrait=\"\" data-height-mobile-landscape=\"\" style=\"clear:both;display:block;\"><\/div><!-- vc_grid start -->\n<div class=\"vc_grid-container-wrapper vc_clearfix\" >\n\t<div class=\"vc_grid-container vc_clearfix wpb_content_element vc_masonry_grid\" data-initial-loading-animation=\"fadeIn\" data-vc-grid-settings=\"{&quot;page_id&quot;:17,&quot;style&quot;:&quot;all-masonry&quot;,&quot;action&quot;:&quot;vc_get_vc_grid_data&quot;,&quot;shortcode_id&quot;:&quot;1741964898147-30f2571cc90b781609b4fc21e7636671-7&quot;,&quot;tag&quot;:&quot;vc_masonry_grid&quot;}\" data-vc-request=\"https:\/\/anibaldeotero.es\/wp-admin\/admin-ajax.php\" data-vc-post-id=\"17\" data-vc-public-nonce=\"37f8e2aa18\">\n\t\t\t<\/div>\n<\/div><!-- vc_grid end -->\n<\/div><\/div><\/div><\/div><div data-vc-full-width=\"true\" data-vc-full-width-init=\"false\" class=\"vc_row wpb_row vc_row-fluid vc_custom_1591812135279 vc_row-has-fill\"><div class=\"wpb_column vc_column_container vc_col-sm-12\"><div class=\"vc_column-inner\"><div class=\"wpb_wrapper\"><div class=\"ult-animation  ult-animate-viewport  ult-no-mobile\" data-animate=\"fadeIn\" data-animation-delay=\"0\" data-animation-duration=\".5\" data-animation-iteration=\"1\" style=\"opacity:0;\" data-opacity_start_effect=\"\"><div class='dt-sc-newsletter-section type7'><h2>Abonnieren, um auf dem Laufenden zu bleiben<\/h2><p>Bleiben Sie auf dem Laufenden \u00fcber interessante Neuigkeiten, bevorstehende Veranstaltungen und Wettbewerbe rund um die Welt des Weins.<\/p><form class=\"dt-sc-subscribe-frm\" name=\"frmsubscribe\" action=\"#\" method=\"post\" data-trp-original-action=\"#\"><input type='email' name='dt_mc_emailid' required='required' placeholder='Direcci\u00f3n e-mail'><input type='hidden' name='dt_mc_apikey' value='' \/><input type='hidden' name='dt_mc_listid' value='' \/><input type='submit' name='mc_submit' value='Abonnieren!'><input type=\"hidden\" name=\"trp-form-language\" value=\"de\"\/><\/form><div class=\"dt_ajax_subscribe_msg\"><\/div><\/div><\/div><\/div><\/div><\/div><\/div><div class=\"vc_row-full-width vc_clearfix\"><\/div><!-- Row Backgrounds --><div class=\"upb_bg_img\" data-ultimate-bg=\"url(https:\/\/anibaldeotero.es\/wp-content\/uploads\/2020\/06\/background-newsletter.jpg)\" data-image-id=\"id^18943|url^http:\/\/anibaldeotero.es\/wp-content\/uploads\/2020\/06\/background-newsletter.jpg|caption^null|alt^null|title^background-newsletter|description^null\" data-ultimate-bg-style=\"vcpb-default\" data-bg-img-repeat=\"no-repeat\" data-bg-img-size=\"cover\" data-bg-img-position=\"\" data-parallx_sense=\"30\" data-bg-override=\"0\" data-bg_img_attach=\"scroll\" data-upb-overlay-color=\"rgba(0,0,0,0.8)\" data-upb-bg-animation=\"\" data-fadeout=\"\" data-bg-animation=\"left-animation\" data-bg-animation-type=\"h\" data-animation-repeat=\"repeat\" data-fadeout-percentage=\"30\" data-parallax-content=\"\" data-parallax-content-sense=\"30\" data-row-effect-mobile-disable=\"true\" data-img-parallax-mobile-disable=\"true\" data-rtl=\"false\"  data-custom-vc-row=\"\"  data-vc=\"5.6\"  data-is_old_vc=\"\"  data-theme-support=\"\"   data-overlay=\"true\" data-overlay-color=\"rgba(0,0,0,0.8)\" data-overlay-pattern=\"\" data-overlay-pattern-opacity=\"0.8\" data-overlay-pattern-size=\"\" data-overlay-pattern-attachment=\"scroll\"    ><\/div>","protected":false},"excerpt":{"rendered":"<p>\u00a1\u00daLTIMA HORA!La bodega berciana An\u00edbal de Otero, premio a la mejor bodega de Castilla y Le\u00f3n No inventamos nada, aprovechamos lo que tenemos: cepas centenarias, en un lugar privilegiado, cuidadas con mimo por nuestra familia. Aut\u00e9ntico Vino del BierzoEncuentra el ideal seg\u00fan la ocasi\u00f3n An\u00edbal de Otero utiliza en su elaboraci\u00f3n \u00fanicamente uva menc\u00eda procedente [&hellip;]<\/p>","protected":false},"author":1,"featured_media":0,"parent":0,"menu_order":0,"comment_status":"closed","ping_status":"closed","template":"","meta":{"footnotes":""},"yoast_head":"<!-- This site is optimized with the Yoast SEO plugin v22.3 - https:\/\/yoast.com\/wordpress\/plugins\/seo\/ -->\n<title>Inicio - An\u00edbal de Otero<\/title>\n<meta name=\"description\" content=\"An\u00edbal de Otero utiliza en su elaboraci\u00f3n \u00fanicamente uva menc\u00eda procedente de cepas viejas, de m\u00e1s de 130 a\u00f1os.\" \/>\n<meta name=\"robots\" content=\"index, follow, max-snippet:-1, max-image-preview:large, max-video-preview:-1\" \/>\n<link rel=\"canonical\" href=\"http:\/\/anibaldeotero.es\/de\/\" \/>\n<meta property=\"og:locale\" content=\"de_DE\" \/>\n<meta property=\"og:type\" content=\"article\" \/>\n<meta property=\"og:title\" content=\"Inicio - An\u00edbal de Otero\" \/>\n<meta property=\"og:description\" content=\"An\u00edbal de Otero utiliza en su elaboraci\u00f3n \u00fanicamente uva menc\u00eda procedente de cepas viejas, de m\u00e1s de 130 a\u00f1os.\" \/>\n<meta property=\"og:url\" content=\"http:\/\/anibaldeotero.es\/de\/\" \/>\n<meta property=\"og:site_name\" content=\"An\u00edbal de Otero\" \/>\n<meta property=\"article:modified_time\" content=\"2025-03-14T15:14:42+00:00\" \/>\n<meta name=\"twitter:card\" content=\"summary_large_image\" \/>\n<meta name=\"twitter:label1\" content=\"Gesch\u00e4tzte Lesezeit\" \/>\n\t<meta name=\"twitter:data1\" content=\"5\u00a0Minuten\" \/>\n<script type=\"application\/ld+json\" class=\"yoast-schema-graph\">{\"@context\":\"https:\/\/schema.org\",\"@graph\":[{\"@type\":\"WebPage\",\"@id\":\"https:\/\/anibaldeotero.es\/\",\"url\":\"https:\/\/anibaldeotero.es\/\",\"name\":\"Inicio - An\u00edbal de Otero\",\"isPartOf\":{\"@id\":\"https:\/\/anibaldeotero.es\/de\/#website\"},\"datePublished\":\"2017-06-05T10:26:14+00:00\",\"dateModified\":\"2025-03-14T15:14:42+00:00\",\"description\":\"An\u00edbal de Otero utiliza en su elaboraci\u00f3n \u00fanicamente uva menc\u00eda procedente de cepas viejas, de m\u00e1s de 130 a\u00f1os.\",\"breadcrumb\":{\"@id\":\"https:\/\/anibaldeotero.es\/#breadcrumb\"},\"inLanguage\":\"de\",\"potentialAction\":[{\"@type\":\"ReadAction\",\"target\":[\"https:\/\/anibaldeotero.es\/\"]}]},{\"@type\":\"BreadcrumbList\",\"@id\":\"https:\/\/anibaldeotero.es\/#breadcrumb\",\"itemListElement\":[{\"@type\":\"ListItem\",\"position\":1,\"name\":\"Portada\",\"item\":\"https:\/\/anibaldeotero.es\/\"},{\"@type\":\"ListItem\",\"position\":2,\"name\":\"Inicio\"}]},{\"@type\":\"WebSite\",\"@id\":\"https:\/\/anibaldeotero.es\/de\/#website\",\"url\":\"https:\/\/anibaldeotero.es\/de\/\",\"name\":\"An\u00edbal de Otero\",\"description\":\"Aut\u00e9ntico Vino del Bierzo\",\"potentialAction\":[{\"@type\":\"SearchAction\",\"target\":{\"@type\":\"EntryPoint\",\"urlTemplate\":\"https:\/\/anibaldeotero.es\/de\/?s={search_term_string}\"},\"query-input\":\"required name=search_term_string\"}],\"inLanguage\":\"de\"}]}<\/script>\n<!-- \/ Yoast SEO plugin. -->","yoast_head_json":{"title":"Inicio - An\u00edbal de Otero","description":"An\u00edbal de Otero utiliza en su elaboraci\u00f3n \u00fanicamente uva menc\u00eda procedente de cepas viejas, de m\u00e1s de 130 a\u00f1os.","robots":{"index":"index","follow":"follow","max-snippet":"max-snippet:-1","max-image-preview":"max-image-preview:large","max-video-preview":"max-video-preview:-1"},"canonical":"http:\/\/anibaldeotero.es\/de\/","og_locale":"de_DE","og_type":"article","og_title":"Inicio - An\u00edbal de Otero","og_description":"An\u00edbal de Otero utiliza en su elaboraci\u00f3n \u00fanicamente uva menc\u00eda procedente de cepas viejas, de m\u00e1s de 130 a\u00f1os.","og_url":"http:\/\/anibaldeotero.es\/de\/","og_site_name":"An\u00edbal de Otero","article_modified_time":"2025-03-14T15:14:42+00:00","twitter_card":"summary_large_image","twitter_misc":{"Gesch\u00e4tzte Lesezeit":"5\u00a0Minuten"},"schema":{"@context":"https:\/\/schema.org","@graph":[{"@type":"WebPage","@id":"https:\/\/anibaldeotero.es\/","url":"https:\/\/anibaldeotero.es\/","name":"Inicio - An\u00edbal de Otero","isPartOf":{"@id":"https:\/\/anibaldeotero.es\/de\/#website"},"datePublished":"2017-06-05T10:26:14+00:00","dateModified":"2025-03-14T15:14:42+00:00","description":"An\u00edbal de Otero utiliza en su elaboraci\u00f3n \u00fanicamente uva menc\u00eda procedente de cepas viejas, de m\u00e1s de 130 a\u00f1os.","breadcrumb":{"@id":"https:\/\/anibaldeotero.es\/#breadcrumb"},"inLanguage":"de","potentialAction":[{"@type":"ReadAction","target":["https:\/\/anibaldeotero.es\/"]}]},{"@type":"BreadcrumbList","@id":"https:\/\/anibaldeotero.es\/#breadcrumb","itemListElement":[{"@type":"ListItem","position":1,"name":"Portada","item":"https:\/\/anibaldeotero.es\/"},{"@type":"ListItem","position":2,"name":"Inicio"}]},{"@type":"WebSite","@id":"https:\/\/anibaldeotero.es\/de\/#website","url":"https:\/\/anibaldeotero.es\/de\/","name":"An\u00edbal de Otero","description":"Aut\u00e9ntico Vino del Bierzo","potentialAction":[{"@type":"SearchAction","target":{"@type":"EntryPoint","urlTemplate":"https:\/\/anibaldeotero.es\/de\/?s={search_term_string}"},"query-input":"required name=search_term_string"}],"inLanguage":"de"}]}},"_links":{"self":[{"href":"http:\/\/anibaldeotero.es\/de\/wp-json\/wp\/v2\/pages\/17"}],"collection":[{"href":"http:\/\/anibaldeotero.es\/de\/wp-json\/wp\/v2\/pages"}],"about":[{"href":"http:\/\/anibaldeotero.es\/de\/wp-json\/wp\/v2\/types\/page"}],"author":[{"embeddable":true,"href":"http:\/\/anibaldeotero.es\/de\/wp-json\/wp\/v2\/users\/1"}],"replies":[{"embeddable":true,"href":"http:\/\/anibaldeotero.es\/de\/wp-json\/wp\/v2\/comments?post=17"}],"version-history":[{"count":86,"href":"http:\/\/anibaldeotero.es\/de\/wp-json\/wp\/v2\/pages\/17\/revisions"}],"predecessor-version":[{"id":24719,"href":"http:\/\/anibaldeotero.es\/de\/wp-json\/wp\/v2\/pages\/17\/revisions\/24719"}],"wp:attachment":[{"href":"http:\/\/anibaldeotero.es\/de\/wp-json\/wp\/v2\/media?parent=17"}],"curies":[{"name":"wp","href":"https:\/\/api.w.org\/{rel}","templated":true}]}}