{"id":7804,"date":"2017-06-12T11:53:59","date_gmt":"2017-06-12T11:53:59","guid":{"rendered":"http:\/\/s537082407.mialojamiento.es\/aotero\/?page_id=7804"},"modified":"2024-11-06T22:46:04","modified_gmt":"2024-11-06T21:46:04","slug":"historia","status":"publish","type":"page","link":"http:\/\/anibaldeotero.es\/de\/historia\/","title":{"rendered":"Geschichte"},"content":{"rendered":"<div class=\"vc_row wpb_row vc_row-fluid\"><div class=\"wpb_column vc_column_container vc_col-sm-12\"><div class=\"vc_column-inner\"><div class=\"wpb_wrapper\"><div class=\"ult-animation  ult-animate-viewport  ult-no-mobile\" data-animate=\"fadeInDown\" data-animation-delay=\"1\" data-animation-duration=\"1\" data-animation-iteration=\"1\" style=\"opacity:0;\" data-opacity_start_effect=\"\"><div class='dt-sc-title script-with-sub-title aligncenter'><h2>Projekt<\/h2><h3>Die Urspr\u00fcnge von An\u00edbal de Otero<\/h3><\/div><div class=\"ult-spacer spacer-69f2093d429cd\" data-id=\"69f2093d429cd\" data-height=\"30\" data-height-mobile=\"30\" data-height-tab=\"30\" data-height-tab-portrait=\"\" data-height-mobile-landscape=\"\" style=\"clear:both;display:block;\"><\/div><blockquote class='type1  aligncenter' ><q>Das Projekt An\u00edbal de Otero ist das Ergebnis der Nostalgie einer Kindheit inmitten von Weinbergen und der Illusion, die von meinem Vater, Anibal Garc\u00eda, geerbte Tradition und Leidenschaft am Leben zu erhalten, f\u00fcr den die Pflege seiner Weinberge fast alles im Leben war.<\/q><\/blockquote><\/div><div class=\"ult-spacer spacer-69f2093d42a65\" data-id=\"69f2093d42a65\" data-height=\"60\" data-height-mobile=\"60\" data-height-tab=\"60\" data-height-tab-portrait=\"\" data-height-mobile-landscape=\"\" style=\"clear:both;display:block;\"><\/div><\/div><\/div><\/div><\/div><div class=\"vc_row wpb_row vc_row-fluid\"><div class=\"wpb_column vc_column_container vc_col-sm-8 vc_col-has-fill\"><div class=\"vc_column-inner vc_custom_1575057524017\"><div class=\"wpb_wrapper\">\n\t<div  class=\"wpb_single_image wpb_content_element vc_align_center  wpb_animate_when_almost_visible wpb_fadeIn fadeIn vc_custom_1575057533155\">\n\t\t\n\t\t<figure class=\"wpb_wrapper vc_figure\">\n\t\t\t<div class=\"vc_single_image-wrapper   vc_box_border_grey\"><img decoding=\"async\" width=\"300\" height=\"212\" src=\"https:\/\/anibaldeotero.es\/wp-content\/uploads\/2019\/11\/Logo_AO-300x212.png\" class=\"vc_single_image-img attachment-medium\" alt=\"Logo Anibal de Otero\" srcset=\"https:\/\/anibaldeotero.es\/wp-content\/uploads\/2019\/11\/Logo_AO-300x212.png 300w, https:\/\/anibaldeotero.es\/wp-content\/uploads\/2019\/11\/Logo_AO-500x353.png 500w, https:\/\/anibaldeotero.es\/wp-content\/uploads\/2019\/11\/Logo_AO.png 600w\" sizes=\"(max-width: 300px) 100vw, 300px\" \/><\/div>\n\t\t<\/figure>\n\t<\/div>\n\n\t<div class=\"wpb_text_column wpb_content_element  text_intro\" >\n\t\t<div class=\"wpb_wrapper\">\n\t\t\t<p>Wir wissen, woher wir kommen und womit wir es zu tun haben, aber wir wissen auch ganz genau, wohin wir wollen: zu Spitzenleistungen. Auf das Podium, wo die Besten sind. Ja, wir sind ehrgeizig, der Wettbewerb schreckt uns nicht, im Gegenteil, er spornt uns an.<\/p>\n<p>Wir haben die besten Zutaten: Trauben und Ausr\u00fcstung. Unser Schatz, die Weinberge mit hundertj\u00e4hrigen Rebst\u00f6cken, die nach und nach wegen der Schwierigkeit der Mechanisierung ihres Anbaus aufgegeben oder einfach durch andere mit h\u00f6herer Produktion ersetzt wurden.<\/p>\n\n\t\t<\/div>\n\t<\/div>\n<\/div><\/div><\/div><div class=\"wpb_column vc_column_container vc_col-sm-4\"><div class=\"vc_column-inner vc_custom_1497935205351\"><div class=\"wpb_wrapper\"><div class=\"ult-animation  ult-animate-viewport  ult-no-mobile\" data-animate=\"fadeInRight\" data-animation-delay=\"1.5\" data-animation-duration=\"1\" data-animation-iteration=\"1\" style=\"opacity:0;\" data-opacity_start_effect=\"\"><div class='dt-sc-image-flip'><img decoding=\"async\" width=\"640\" height=\"640\" src=\"https:\/\/anibaldeotero.es\/wp-content\/uploads\/2019\/07\/Elva_Profile.jpg\" class=\"attachment-full\" alt=\"\" srcset=\"https:\/\/anibaldeotero.es\/wp-content\/uploads\/2019\/07\/Elva_Profile.jpg 640w, https:\/\/anibaldeotero.es\/wp-content\/uploads\/2019\/07\/Elva_Profile-150x150.jpg 150w, https:\/\/anibaldeotero.es\/wp-content\/uploads\/2019\/07\/Elva_Profile-300x300.jpg 300w, https:\/\/anibaldeotero.es\/wp-content\/uploads\/2019\/07\/Elva_Profile-500x500.jpg 500w, https:\/\/anibaldeotero.es\/wp-content\/uploads\/2019\/07\/Elva_Profile-100x100.jpg 100w\" sizes=\"(max-width: 640px) 100vw, 640px\" \/><\/div><div class='dt-sc-image-flip'><img decoding=\"async\" width=\"640\" height=\"640\" src=\"https:\/\/anibaldeotero.es\/wp-content\/uploads\/2019\/07\/Enologo.jpg\" class=\"attachment-full\" alt=\"\" srcset=\"https:\/\/anibaldeotero.es\/wp-content\/uploads\/2019\/07\/Enologo.jpg 640w, https:\/\/anibaldeotero.es\/wp-content\/uploads\/2019\/07\/Enologo-150x150.jpg 150w, https:\/\/anibaldeotero.es\/wp-content\/uploads\/2019\/07\/Enologo-300x300.jpg 300w, https:\/\/anibaldeotero.es\/wp-content\/uploads\/2019\/07\/Enologo-500x500.jpg 500w, https:\/\/anibaldeotero.es\/wp-content\/uploads\/2019\/07\/Enologo-100x100.jpg 100w\" sizes=\"(max-width: 640px) 100vw, 640px\" \/><\/div><div class='dt-sc-image-flip'><img decoding=\"async\" width=\"640\" height=\"640\" src=\"https:\/\/anibaldeotero.es\/wp-content\/uploads\/2019\/07\/Marido_Elva.jpg\" class=\"attachment-full\" alt=\"\" srcset=\"https:\/\/anibaldeotero.es\/wp-content\/uploads\/2019\/07\/Marido_Elva.jpg 640w, https:\/\/anibaldeotero.es\/wp-content\/uploads\/2019\/07\/Marido_Elva-150x150.jpg 150w, https:\/\/anibaldeotero.es\/wp-content\/uploads\/2019\/07\/Marido_Elva-300x300.jpg 300w, https:\/\/anibaldeotero.es\/wp-content\/uploads\/2019\/07\/Marido_Elva-500x500.jpg 500w, https:\/\/anibaldeotero.es\/wp-content\/uploads\/2019\/07\/Marido_Elva-100x100.jpg 100w\" sizes=\"(max-width: 640px) 100vw, 640px\" \/><\/div><\/div><\/div><\/div><\/div><\/div><div class=\"vc_row wpb_row vc_row-fluid\"><div class=\"wpb_column vc_column_container vc_col-sm-12\"><div class=\"vc_column-inner\"><div class=\"wpb_wrapper\"><div class=\"ult-spacer spacer-69f2093d4d661\" data-id=\"69f2093d4d661\" data-height=\"80\" data-height-mobile=\"80\" data-height-tab=\"80\" data-height-tab-portrait=\"\" data-height-mobile-landscape=\"\" style=\"clear:both;display:block;\"><\/div><\/div><\/div><\/div><\/div><div class=\"vc_row wpb_row vc_row-fluid vc_custom_1575040540626\"><div class=\"wpb_column vc_column_container vc_col-sm-12\"><div class=\"vc_column-inner\"><div class=\"wpb_wrapper\"><div class=\"ult-animation  ult-animate-viewport  ult-no-mobile\" data-animate=\"fadeInDown\" data-animation-delay=\"1\" data-animation-duration=\"1\" data-animation-iteration=\"1\" style=\"opacity:0;\" data-opacity_start_effect=\"\"><div class='dt-sc-title script-with-sub-title aligncenter'><h2>Weinberge<\/h2><h3>Hundertj\u00e4hrige Reben aus dem Bierzo<\/h3><\/div><blockquote class='type1  aligncenter' ><q>Das Gebiet \"los Fornos\" ist wahrscheinlich eines der besten Gebiete f\u00fcr den Anbau von Reben in der DO..del Bierzo. Hier entfaltet die Menc\u00eda-Traube ihre ganze Pracht.<\/q><\/blockquote><\/div><div class=\"ult-spacer spacer-69f2093d4dac8\" data-id=\"69f2093d4dac8\" data-height=\"30\" data-height-mobile=\"30\" data-height-tab=\"30\" data-height-tab-portrait=\"\" data-height-mobile-landscape=\"\" style=\"clear:both;display:block;\"><\/div><\/div><\/div><\/div><\/div><div data-vc-full-width=\"true\" data-vc-full-width-init=\"false\" class=\"vc_row wpb_row vc_row-fluid wpb_animate_when_almost_visible wpb_fadeIn fadeIn vc_custom_1574877906991\"><div class=\"dt-sc-dark-bg wpb_column vc_column_container vc_col-sm-12\"><div class=\"vc_column-inner\"><div class=\"wpb_wrapper\"><div class=\"ult-animation  ult-animate-viewport  ult-no-mobile\" data-animate=\"fadeInLeft\" data-animation-delay=\"0.8\" data-animation-duration=\"1\" data-animation-iteration=\"1\" style=\"opacity:0;\" data-opacity_start_effect=\"\"><div class=\"vc_row wpb_row vc_inner vc_row-fluid vc_row-o-content-middle vc_row-flex\"><div class=\"wpb_column vc_column_container vc_col-sm-6\"><div class=\"vc_column-inner\"><div class=\"wpb_wrapper\">\n\t<div  class=\"wpb_single_image wpb_content_element vc_align_center\">\n\t\t\n\t\t<figure class=\"wpb_wrapper vc_figure\">\n\t\t\t<div class=\"vc_single_image-wrapper   vc_box_border_grey\"><img decoding=\"async\" width=\"768\" height=\"503\" src=\"https:\/\/anibaldeotero.es\/wp-content\/uploads\/2019\/11\/Villa_Bierzo_Arbol.jpg\" class=\"vc_single_image-img attachment-full\" alt=\"Villa_Arbol_Bierzo\" srcset=\"https:\/\/anibaldeotero.es\/wp-content\/uploads\/2019\/11\/Villa_Bierzo_Arbol.jpg 768w, https:\/\/anibaldeotero.es\/wp-content\/uploads\/2019\/11\/Villa_Bierzo_Arbol-300x196.jpg 300w, https:\/\/anibaldeotero.es\/wp-content\/uploads\/2019\/11\/Villa_Bierzo_Arbol-420x275.jpg 420w, https:\/\/anibaldeotero.es\/wp-content\/uploads\/2019\/11\/Villa_Bierzo_Arbol-500x327.jpg 500w\" sizes=\"(max-width: 768px) 100vw, 768px\" \/><\/div>\n\t\t<\/figure>\n\t<\/div>\n<\/div><\/div><\/div><div class=\"wpb_column vc_column_container vc_col-sm-6\"><div class=\"vc_column-inner vc_custom_1575039283427\"><div class=\"wpb_wrapper\"><h3 style=\"color: #ffffff;text-align: center\" class=\"vc_custom_heading shadow vc_custom_1575040442291\">Ein Land der Tr\u00e4ume<\/h3>\n\t<div class=\"wpb_text_column wpb_content_element  text_villa\" >\n\t\t<div class=\"wpb_wrapper\">\n\t\t\t<p style=\"text-align: center;\">Die Kies- und Schieferb\u00f6den, die durch die nahen Berge von La Cabrera, die M\u00e9dulas im Hintergrund, die Ancares und das tausendj\u00e4hrige Castro Bergidum vor K\u00e4lte und Frost gesch\u00fctzt sind, bilden den unvergleichlichen Rahmen, in dem unsere Reben wachsen, von denen einige bereits von unserem Urgro\u00dfvater angebaut wurden.<\/p>\n\n\t\t<\/div>\n\t<\/div>\n<\/div><\/div><\/div><\/div><\/div><div class=\"ult-animation  ult-animate-viewport  ult-no-mobile\" data-animate=\"fadeInRight\" data-animation-delay=\"0.8\" data-animation-duration=\"1\" data-animation-iteration=\"1\" style=\"opacity:0;\" data-opacity_start_effect=\"\"><div class=\"vc_row wpb_row vc_inner vc_row-fluid vc_row-o-content-middle vc_row-flex\"><div class=\"wpb_column vc_column_container vc_col-sm-6\"><div class=\"vc_column-inner vc_custom_1575039295613\"><div class=\"wpb_wrapper\"><h3 style=\"color: #ffffff;text-align: center\" class=\"vc_custom_heading shadow\">Jahrhunderte alte Rebst\u00f6cke<\/h3>\n\t<div class=\"wpb_text_column wpb_content_element  text_background\" >\n\t\t<div class=\"wpb_wrapper\">\n\t\t\t<p style=\"text-align: center;\">An\u00edbal de Otero verwendet f\u00fcr seine Produktion nur Menc\u00eda-Trauben von alten Rebst\u00f6cken, die von Hand im Kelch mit einer sehr kleinen Produktion von einem halben Kilo pro Rebstock angebaut werden. Die Trauben werden auf traditionelle Art und Weise angebaut, wobei nur nat\u00fcrliche Produkte verwendet werden.<\/p>\n\n\t\t<\/div>\n\t<\/div>\n<\/div><\/div><\/div><div class=\"wpb_column vc_column_container vc_col-sm-6\"><div class=\"vc_column-inner\"><div class=\"wpb_wrapper\">\n\t<div  class=\"wpb_single_image wpb_content_element vc_align_center\">\n\t\t\n\t\t<figure class=\"wpb_wrapper vc_figure\">\n\t\t\t<div class=\"vc_single_image-wrapper   vc_box_border_grey\"><img decoding=\"async\" width=\"768\" height=\"503\" src=\"https:\/\/anibaldeotero.es\/wp-content\/uploads\/2019\/11\/Cepa_Centenaria_Scaled.jpg\" class=\"vc_single_image-img attachment-full\" alt=\"Cepa Centenaria\" srcset=\"https:\/\/anibaldeotero.es\/wp-content\/uploads\/2019\/11\/Cepa_Centenaria_Scaled.jpg 768w, https:\/\/anibaldeotero.es\/wp-content\/uploads\/2019\/11\/Cepa_Centenaria_Scaled-300x196.jpg 300w, https:\/\/anibaldeotero.es\/wp-content\/uploads\/2019\/11\/Cepa_Centenaria_Scaled-420x275.jpg 420w, https:\/\/anibaldeotero.es\/wp-content\/uploads\/2019\/11\/Cepa_Centenaria_Scaled-500x327.jpg 500w\" sizes=\"(max-width: 768px) 100vw, 768px\" \/><\/div>\n\t\t<\/figure>\n\t<\/div>\n<\/div><\/div><\/div><\/div><\/div><div class=\"ult-animation  ult-animate-viewport  ult-no-mobile\" data-animate=\"fadeInLeft\" data-animation-delay=\"0.8\" data-animation-duration=\"1\" data-animation-iteration=\"1\" style=\"opacity:0;\" data-opacity_start_effect=\"\"><div class=\"vc_row wpb_row vc_inner vc_row-fluid vc_row-o-content-middle vc_row-flex\"><div class=\"wpb_column vc_column_container vc_col-sm-6\"><div class=\"vc_column-inner\"><div class=\"wpb_wrapper\">\n\t<div  class=\"wpb_single_image wpb_content_element vc_align_center\">\n\t\t\n\t\t<figure class=\"wpb_wrapper vc_figure\">\n\t\t\t<div class=\"vc_single_image-wrapper   vc_box_border_grey\"><img decoding=\"async\" width=\"768\" height=\"503\" src=\"https:\/\/anibaldeotero.es\/wp-content\/uploads\/2019\/11\/barriles_elaboracion.jpg\" class=\"vc_single_image-img attachment-full\" alt=\"Barriles Elaboracion Vino Anibal de Otero\" srcset=\"https:\/\/anibaldeotero.es\/wp-content\/uploads\/2019\/11\/barriles_elaboracion.jpg 768w, https:\/\/anibaldeotero.es\/wp-content\/uploads\/2019\/11\/barriles_elaboracion-300x196.jpg 300w, https:\/\/anibaldeotero.es\/wp-content\/uploads\/2019\/11\/barriles_elaboracion-420x275.jpg 420w, https:\/\/anibaldeotero.es\/wp-content\/uploads\/2019\/11\/barriles_elaboracion-500x327.jpg 500w\" sizes=\"(max-width: 768px) 100vw, 768px\" \/><\/div>\n\t\t<\/figure>\n\t<\/div>\n<\/div><\/div><\/div><div class=\"wpb_column vc_column_container vc_col-sm-6\"><div class=\"vc_column-inner vc_custom_1575039283427\"><div class=\"wpb_wrapper\"><h3 style=\"color: #ffffff;text-align: center\" class=\"vc_custom_heading shadow vc_custom_1575057950210\">Ausarbeitung<\/h3>\n\t<div class=\"wpb_text_column wpb_content_element  text_background\" >\n\t\t<div class=\"wpb_wrapper\">\n\t\t\t<p style=\"text-align: center;\">Die Trauben werden von Hand in kleinen Kisten von 20 Kilo geerntet, wenn die Trauben ihren optimalen Reifegrad erreicht haben.<\/p>\n<p style=\"text-align: center;\">Der Most g\u00e4rt in kleinen Edelstahltanks und reift dann, sobald er zu einem jungen Wein geworden ist, in den besten franz\u00f6sischen Eichenf\u00e4ssern, die von unserem \u00d6nologen sorgf\u00e4ltig kontrolliert werden. <em><strong>Jos\u00e9 Hidalgo.<\/strong><\/em><\/p>\n\n\t\t<\/div>\n\t<\/div>\n<\/div><\/div><\/div><\/div><\/div><\/div><\/div><\/div><\/div><div class=\"vc_row-full-width vc_clearfix\"><\/div><!-- Row Backgrounds --><div class=\"upb_bg_img\" data-ultimate-bg=\"url(https:\/\/anibaldeotero.es\/wp-content\/uploads\/2019\/09\/background_maintenance_mod.jpg)\" data-image-id=\"id^10373|url^https:\/\/anibaldeotero.es\/wp-content\/uploads\/2019\/09\/background_maintenance_mod.jpg|caption^null|alt^null|title^background_maintenance_mod|description^null\" data-ultimate-bg-style=\"vcpb-vz-jquery\" data-bg-img-repeat=\"repeat\" data-bg-img-size=\"cover\" data-bg-img-position=\"\" data-parallx_sense=\"30\" data-bg-override=\"0\" data-bg_img_attach=\"scroll\" data-upb-overlay-color=\"rgba(0,0,0,0.41)\" data-upb-bg-animation=\"\" data-fadeout=\"\" data-bg-animation=\"left-animation\" data-bg-animation-type=\"h\" data-animation-repeat=\"repeat\" data-fadeout-percentage=\"30\" data-parallax-content=\"\" data-parallax-content-sense=\"30\" data-row-effect-mobile-disable=\"true\" data-img-parallax-mobile-disable=\"true\" data-rtl=\"false\"  data-custom-vc-row=\"\"  data-vc=\"5.6\"  data-is_old_vc=\"\"  data-theme-support=\"\"   data-overlay=\"true\" data-overlay-color=\"rgba(0,0,0,0.41)\" data-overlay-pattern=\"\" data-overlay-pattern-opacity=\"0.8\" data-overlay-pattern-size=\"\" data-overlay-pattern-attachment=\"scroll\"    ><\/div><div data-vc-full-width=\"true\" data-vc-full-width-init=\"false\" class=\"vc_row wpb_row vc_row-fluid wpb_animate_when_almost_visible wpb_fadeIn fadeIn vc_custom_1575062831712\"><div class=\"wpb_column vc_column_container vc_col-sm-12\"><div class=\"vc_column-inner\"><div class=\"wpb_wrapper\"><div class=\"ult-animation  ult-animate-viewport  ult-no-mobile\" data-animate=\"zoomIn\" data-animation-delay=\".5\" data-animation-duration=\"1\" data-animation-iteration=\"1\" style=\"opacity:0;\" data-opacity_start_effect=\"\"><div class='dt-sc-testimonial-wrapper carousel_items type3 dt-sc-dark-bg' data-animation='scroll'><ul class=\"dt-sc-testimonial-carousel\"><li><div class='dt-sc-testimonial type3'><div class=\"dt-sc-testimonial-quote\"><blockquote> <q>Von den B\u00f6den, die ich in Bierzo mag, d.h. von den hohen Schiefer- und Sandb\u00f6den, stammt dieser Rotwein einer Winzerin, Elva Garc\u00eda, wie es auf ihrer Visitenkarte steht. Die Weinkellerei tr\u00e4gt den Namen An\u00edbals Tochter, eine Hommage an den Mann, der ihr das Leben geschenkt und ihr die Aufgabe \u00fcbertragen hat, das Erbe eines 130 Jahre alten Weinbergs weiterzuf\u00fchren. In der N\u00e4he des Weinbergs der Familie Palacios in Corull\u00f3n erntet Elva ein halbes Kilogramm Menc\u00eda pro Rebstock, um diesen hervorragenden Rotwein herzustellen. Es handelt sich um einen Wein, der gewisse wilde Noten mit einem sehr pr\u00e4zisen Sortenaroma und einer cremigen Finesse vereint, die von den 14 Monaten in Eichenf\u00e4ssern herr\u00fchrt, die sich gut mit dem Wein vermischen. Es handelt sich um einen Rotwein des Jahrgangs 2014, der allerdings nicht f\u00fcr jeden Geldbeutel geeignet ist: 30 \u20ac. Zu einem niedrigeren Preis, 15 \u20ac, stellt er einen anderen Rotwein her, der 6 Monate in Eichenf\u00e4ssern gereift ist und mit einer geringeren Reifezeit noch mehr wilde und fruchtige Nuancen offenbart.<\/q> <\/blockquote><\/div><div class=\"dt-sc-testimonial-author\"><span><img decoding=\"async\" width=\"1365\" height=\"1365\" src=\"https:\/\/anibaldeotero.es\/wp-content\/uploads\/2020\/05\/jose_pe\u00f1in.jpg\" class=\"attachment-full\" alt=\"\" srcset=\"https:\/\/anibaldeotero.es\/wp-content\/uploads\/2020\/05\/jose_pe\u00f1in.jpg 1365w, https:\/\/anibaldeotero.es\/wp-content\/uploads\/2020\/05\/jose_pe\u00f1in-150x150.jpg 150w, https:\/\/anibaldeotero.es\/wp-content\/uploads\/2020\/05\/jose_pe\u00f1in-300x300.jpg 300w, https:\/\/anibaldeotero.es\/wp-content\/uploads\/2020\/05\/jose_pe\u00f1in-768x768.jpg 768w, https:\/\/anibaldeotero.es\/wp-content\/uploads\/2020\/05\/jose_pe\u00f1in-1024x1024.jpg 1024w, https:\/\/anibaldeotero.es\/wp-content\/uploads\/2020\/05\/jose_pe\u00f1in-500x500.jpg 500w, https:\/\/anibaldeotero.es\/wp-content\/uploads\/2020\/05\/jose_pe\u00f1in-100x100.jpg 100w\" sizes=\"(max-width: 1365px) 100vw, 1365px\" \/><\/span><cite>Jos\u00e9 Pe\u00f1in<\/cite><\/div><\/div><\/li><li><div class='dt-sc-testimonial type3'><div class=\"dt-sc-testimonial-quote\"><blockquote> <q>Die Tatsache, dass Elva Garc\u00eda Amigo ihre Weinkellerei Hija de An\u00edbal (Tochter von An\u00edbal) genannt hat, ist eine Grundsatzerkl\u00e4rung, eine Manifestation von Demut und eine Demonstration von Kinderliebe, grundlegende Bestandteile, um die liebenswerte Qualit\u00e4t und den tiefen Atem dieses Weins zu verstehen.<\/q> <\/blockquote><\/div><div class=\"dt-sc-testimonial-author\"><span><img decoding=\"async\" width=\"100\" height=\"100\" src=\"https:\/\/anibaldeotero.es\/wp-content\/uploads\/2019\/11\/elpais_testimonials_v2.png\" class=\"attachment-full\" alt=\"El Pa\u00eds Logo\" \/><\/span><cite>El Viajero<small>El Pa\u00eds<\/small><\/cite><\/div><\/div><\/li><li><div class='dt-sc-testimonial type3'><div class=\"dt-sc-testimonial-quote\"><blockquote> <q>Die Tatsache, dass Elva Garc\u00eda Amigo ihre Weinkellerei Hija de An\u00edbal (Tochter von An\u00edbal) genannt hat, ist eine Grundsatzerkl\u00e4rung, eine Manifestation von Demut und eine Demonstration von Kinderliebe, grundlegende Bestandteile, um die liebenswerte Qualit\u00e4t und den tiefen Atem dieses Weins zu verstehen.<\/q> <\/blockquote><\/div><div class=\"dt-sc-testimonial-author\"><span><img decoding=\"async\" width=\"100\" height=\"100\" src=\"https:\/\/anibaldeotero.es\/wp-content\/uploads\/2019\/11\/elpais_testimonials_v2.png\" class=\"attachment-full\" alt=\"El Pa\u00eds Logo\" \/><\/span><cite>El Viajero<small>El Pa\u00eds<\/small><\/cite><\/div><\/div><\/li><\/ul><div class=\"carousel-arrows\">\t<a href=\"#\" class=\"testimonial-prev\"> <\/a>\t<a href=\"#\" class=\"testimonial-next\"> <\/a><\/div><\/div><\/div><\/div><\/div><\/div><\/div><div class=\"vc_row-full-width vc_clearfix\"><\/div><!-- Row Backgrounds --><div class=\"upb_bg_img\" data-ultimate-bg=\"url(https:\/\/anibaldeotero.es\/wp-content\/uploads\/2019\/11\/Comments_Background.jpg)\" data-image-id=\"id^12084|url^https:\/\/anibaldeotero.es\/wp-content\/uploads\/2019\/11\/Comments_Background.jpg|caption^null|alt^null|title^Comments_Background|description^null\" data-ultimate-bg-style=\"vcpb-vz-jquery\" data-bg-img-repeat=\"repeat\" data-bg-img-size=\"cover\" data-bg-img-position=\"\" data-parallx_sense=\"30\" data-bg-override=\"0\" data-bg_img_attach=\"scroll\" data-upb-overlay-color=\"rgba(0,0,0,0.5)\" data-upb-bg-animation=\"\" data-fadeout=\"\" data-bg-animation=\"left-animation\" data-bg-animation-type=\"h\" data-animation-repeat=\"repeat\" data-fadeout-percentage=\"30\" data-parallax-content=\"\" data-parallax-content-sense=\"30\" data-row-effect-mobile-disable=\"true\" data-img-parallax-mobile-disable=\"true\" data-rtl=\"false\"  data-custom-vc-row=\"\"  data-vc=\"5.6\"  data-is_old_vc=\"\"  data-theme-support=\"\"   data-overlay=\"true\" data-overlay-color=\"rgba(0,0,0,0.5)\" data-overlay-pattern=\"\" data-overlay-pattern-opacity=\"0.8\" data-overlay-pattern-size=\"\" data-overlay-pattern-attachment=\"scroll\"    ><\/div><div class=\"vc_row wpb_row vc_row-fluid\"><div class=\"wpb_column vc_column_container vc_col-sm-12\"><div class=\"vc_column-inner\"><div class=\"wpb_wrapper\"><div class=\"ult-spacer spacer-69f2093d593d4\" data-id=\"69f2093d593d4\" data-height=\"60\" data-height-mobile=\"60\" data-height-tab=\"60\" data-height-tab-portrait=\"\" data-height-mobile-landscape=\"\" style=\"clear:both;display:block;\"><\/div><\/div><\/div><\/div><\/div>","protected":false},"excerpt":{"rendered":"<p>ProyectoLos or\u00edgenes de An\u00edbal de OteroEl proyecto de An\u00edbal de Otero es fruto de la nostalgia de una infancia entre cepas, y de la ilusi\u00f3n por mantener viva la tradici\u00f3n y pasi\u00f3n heredada de mi padre, Anibal Garc\u00eda, para quien el cuidado de sus vi\u00f1as lo fue casi todo en la vida. Sabemos de d\u00f3nde [&hellip;]<\/p>","protected":false},"author":1,"featured_media":0,"parent":0,"menu_order":0,"comment_status":"closed","ping_status":"closed","template":"","meta":{"footnotes":""},"yoast_head":"<!-- This site is optimized with the Yoast SEO plugin v22.3 - https:\/\/yoast.com\/wordpress\/plugins\/seo\/ -->\n<title>Historia - An\u00edbal de Otero<\/title>\n<meta name=\"robots\" content=\"index, follow, max-snippet:-1, max-image-preview:large, max-video-preview:-1\" \/>\n<link rel=\"canonical\" href=\"http:\/\/anibaldeotero.es\/de\/historia\/\" \/>\n<meta property=\"og:locale\" content=\"de_DE\" \/>\n<meta property=\"og:type\" content=\"article\" \/>\n<meta property=\"og:title\" content=\"Historia - An\u00edbal de Otero\" \/>\n<meta property=\"og:description\" content=\"ProyectoLos or\u00edgenes de An\u00edbal de OteroEl proyecto de An\u00edbal de Otero es fruto de la nostalgia de una infancia entre cepas, y de la ilusi\u00f3n por mantener viva la tradici\u00f3n y pasi\u00f3n heredada de mi padre, Anibal Garc\u00eda, para quien el cuidado de sus vi\u00f1as lo fue casi todo en la vida. Sabemos de d\u00f3nde [&hellip;]\" \/>\n<meta property=\"og:url\" content=\"http:\/\/anibaldeotero.es\/de\/historia\/\" \/>\n<meta property=\"og:site_name\" content=\"An\u00edbal de Otero\" \/>\n<meta property=\"article:modified_time\" content=\"2024-11-06T21:46:04+00:00\" \/>\n<meta name=\"twitter:card\" content=\"summary_large_image\" \/>\n<meta name=\"twitter:label1\" content=\"Gesch\u00e4tzte Lesezeit\" \/>\n\t<meta name=\"twitter:data1\" content=\"4\u00a0Minuten\" \/>\n<script type=\"application\/ld+json\" class=\"yoast-schema-graph\">{\"@context\":\"https:\/\/schema.org\",\"@graph\":[{\"@type\":\"WebPage\",\"@id\":\"https:\/\/anibaldeotero.es\/historia\/\",\"url\":\"https:\/\/anibaldeotero.es\/historia\/\",\"name\":\"Historia - An\u00edbal de Otero\",\"isPartOf\":{\"@id\":\"https:\/\/anibaldeotero.es\/de\/#website\"},\"datePublished\":\"2017-06-12T11:53:59+00:00\",\"dateModified\":\"2024-11-06T21:46:04+00:00\",\"breadcrumb\":{\"@id\":\"https:\/\/anibaldeotero.es\/historia\/#breadcrumb\"},\"inLanguage\":\"de\",\"potentialAction\":[{\"@type\":\"ReadAction\",\"target\":[\"https:\/\/anibaldeotero.es\/historia\/\"]}]},{\"@type\":\"BreadcrumbList\",\"@id\":\"https:\/\/anibaldeotero.es\/historia\/#breadcrumb\",\"itemListElement\":[{\"@type\":\"ListItem\",\"position\":1,\"name\":\"Portada\",\"item\":\"https:\/\/anibaldeotero.es\/\"},{\"@type\":\"ListItem\",\"position\":2,\"name\":\"Historia\"}]},{\"@type\":\"WebSite\",\"@id\":\"https:\/\/anibaldeotero.es\/de\/#website\",\"url\":\"https:\/\/anibaldeotero.es\/de\/\",\"name\":\"An\u00edbal de Otero\",\"description\":\"Aut\u00e9ntico Vino del Bierzo\",\"potentialAction\":[{\"@type\":\"SearchAction\",\"target\":{\"@type\":\"EntryPoint\",\"urlTemplate\":\"https:\/\/anibaldeotero.es\/de\/?s={search_term_string}\"},\"query-input\":\"required name=search_term_string\"}],\"inLanguage\":\"de\"}]}<\/script>\n<!-- \/ Yoast SEO plugin. -->","yoast_head_json":{"title":"Historia - An\u00edbal de Otero","robots":{"index":"index","follow":"follow","max-snippet":"max-snippet:-1","max-image-preview":"max-image-preview:large","max-video-preview":"max-video-preview:-1"},"canonical":"http:\/\/anibaldeotero.es\/de\/historia\/","og_locale":"de_DE","og_type":"article","og_title":"Historia - An\u00edbal de Otero","og_description":"ProyectoLos or\u00edgenes de An\u00edbal de OteroEl proyecto de An\u00edbal de Otero es fruto de la nostalgia de una infancia entre cepas, y de la ilusi\u00f3n por mantener viva la tradici\u00f3n y pasi\u00f3n heredada de mi padre, Anibal Garc\u00eda, para quien el cuidado de sus vi\u00f1as lo fue casi todo en la vida. Sabemos de d\u00f3nde [&hellip;]","og_url":"http:\/\/anibaldeotero.es\/de\/historia\/","og_site_name":"An\u00edbal de Otero","article_modified_time":"2024-11-06T21:46:04+00:00","twitter_card":"summary_large_image","twitter_misc":{"Gesch\u00e4tzte Lesezeit":"4\u00a0Minuten"},"schema":{"@context":"https:\/\/schema.org","@graph":[{"@type":"WebPage","@id":"https:\/\/anibaldeotero.es\/historia\/","url":"https:\/\/anibaldeotero.es\/historia\/","name":"Historia - An\u00edbal de Otero","isPartOf":{"@id":"https:\/\/anibaldeotero.es\/de\/#website"},"datePublished":"2017-06-12T11:53:59+00:00","dateModified":"2024-11-06T21:46:04+00:00","breadcrumb":{"@id":"https:\/\/anibaldeotero.es\/historia\/#breadcrumb"},"inLanguage":"de","potentialAction":[{"@type":"ReadAction","target":["https:\/\/anibaldeotero.es\/historia\/"]}]},{"@type":"BreadcrumbList","@id":"https:\/\/anibaldeotero.es\/historia\/#breadcrumb","itemListElement":[{"@type":"ListItem","position":1,"name":"Portada","item":"https:\/\/anibaldeotero.es\/"},{"@type":"ListItem","position":2,"name":"Historia"}]},{"@type":"WebSite","@id":"https:\/\/anibaldeotero.es\/de\/#website","url":"https:\/\/anibaldeotero.es\/de\/","name":"An\u00edbal de Otero","description":"Aut\u00e9ntico Vino del Bierzo","potentialAction":[{"@type":"SearchAction","target":{"@type":"EntryPoint","urlTemplate":"https:\/\/anibaldeotero.es\/de\/?s={search_term_string}"},"query-input":"required name=search_term_string"}],"inLanguage":"de"}]}},"_links":{"self":[{"href":"http:\/\/anibaldeotero.es\/de\/wp-json\/wp\/v2\/pages\/7804"}],"collection":[{"href":"http:\/\/anibaldeotero.es\/de\/wp-json\/wp\/v2\/pages"}],"about":[{"href":"http:\/\/anibaldeotero.es\/de\/wp-json\/wp\/v2\/types\/page"}],"author":[{"embeddable":true,"href":"http:\/\/anibaldeotero.es\/de\/wp-json\/wp\/v2\/users\/1"}],"replies":[{"embeddable":true,"href":"http:\/\/anibaldeotero.es\/de\/wp-json\/wp\/v2\/comments?post=7804"}],"version-history":[{"count":100,"href":"http:\/\/anibaldeotero.es\/de\/wp-json\/wp\/v2\/pages\/7804\/revisions"}],"predecessor-version":[{"id":24710,"href":"http:\/\/anibaldeotero.es\/de\/wp-json\/wp\/v2\/pages\/7804\/revisions\/24710"}],"wp:attachment":[{"href":"http:\/\/anibaldeotero.es\/de\/wp-json\/wp\/v2\/media?parent=7804"}],"curies":[{"name":"wp","href":"https:\/\/api.w.org\/{rel}","templated":true}]}}